{"id":21702,"date":"2025-01-10T15:50:11","date_gmt":"2025-01-10T14:50:11","guid":{"rendered":"https:\/\/zollagentur.gmbh\/veri-koruma\/"},"modified":"2025-03-03T01:01:34","modified_gmt":"2025-03-03T00:01:34","slug":"veri-koruma","status":"publish","type":"page","link":"https:\/\/zollagentur.gmbh\/tr\/veri-koruma\/","title":{"rendered":"Veri koruma"},"content":{"rendered":"\n<p>\u00a0<\/p>\n<ol data-start=\"0\" data-end=\"46\">\n<li data-start=\"0\" data-end=\"46\"><strong data-start=\"3\" data-end=\"46\">Genel Bilgiler ve Zorunlu Bilgilendirme<\/strong><\/li>\n<\/ol>\n<p data-start=\"48\" data-end=\"322\"><strong data-start=\"48\" data-end=\"63\">Veri Koruma<\/strong><br data-start=\"63\" data-end=\"66\" \/>CK Internationale Zollagentur GmbH (bundan b\u00f6yle &#8220;biz&#8221; veya &#8220;bizi&#8221; olarak an\u0131lacakt\u0131r) ki\u015fisel verilerinizin korunmas\u0131na \u00e7ok \u00f6nem verir. Ki\u015fisel verilerinizi gizli tutar ve yasal veri koruma d\u00fczenlemelerine ve bu gizlilik politikas\u0131na uygun olarak i\u015fleriz.<\/p>\n<p data-start=\"324\" data-end=\"586\">Web sitemizi kulland\u0131\u011f\u0131n\u0131zda \u00e7e\u015fitli ki\u015fisel veriler toplan\u0131r. Ki\u015fisel veriler, sizin \u015fahsen tan\u0131mlanman\u0131z\u0131 sa\u011flayan verilerdir. Bu gizlilik bildirimi, hangi verileri toplad\u0131\u011f\u0131m\u0131z\u0131, bunlar\u0131 ne ama\u00e7la kulland\u0131\u011f\u0131m\u0131z\u0131 ve nas\u0131l, hangi ama\u00e7larla i\u015fledi\u011fimizi a\u00e7\u0131klar.<\/p>\n<p data-start=\"588\" data-end=\"788\"><em data-start=\"588\" data-end=\"594\">Not:<\/em> \u0130nternet \u00fczerindeki veri iletimi (\u00f6rne\u011fin e-posta yoluyla ileti\u015fim s\u0131ras\u0131nda) g\u00fcvenlik a\u00e7\u0131klar\u0131na sahip olabilir. Verilerin \u00fc\u00e7\u00fcnc\u00fc \u015fah\u0131slar\u0131n eri\u015fimine kar\u015f\u0131 eksiksiz korunmas\u0131 m\u00fcmk\u00fcn de\u011fildir.<\/p>\n<hr data-start=\"790\" data-end=\"793\" \/>\n<ol start=\"2\" data-start=\"795\" data-end=\"817\">\n<li data-start=\"795\" data-end=\"817\"><strong data-start=\"798\" data-end=\"817\">Sorumlu Kurulu\u015f<\/strong><\/li>\n<\/ol>\n<p data-start=\"819\" data-end=\"867\">Bu web sitesinde veri i\u015flemeden sorumlu kurulu\u015f:<\/p>\n<p data-start=\"869\" data-end=\"954\">CK Internationale Zollagentur GmbH<br data-start=\"903\" data-end=\"906\" \/>Albert-Einstein-Str. 1<br data-start=\"928\" data-end=\"931\" \/>46446 Emmerich am Rhein<\/p>\n<p data-start=\"956\" data-end=\"1022\"><strong data-start=\"956\" data-end=\"969\">\u0130leti\u015fim:<\/strong><br data-start=\"969\" data-end=\"972\" \/>Telefon: 02828\/9039920<br data-start=\"994\" data-end=\"997\" \/>E-posta: <a href=\"mailto:info@ckzoll24.de\" rel=\"noopener\" data-start=\"1006\" data-end=\"1022\">info@ckzoll24.de<\/a><\/p>\n<p data-start=\"1024\" data-end=\"1178\">Sorumlu kurulu\u015f, ki\u015fisel verilerin i\u015flenmesinin amac\u0131 ve y\u00f6ntemleri konusunda tek ba\u015f\u0131na veya ba\u015fkalar\u0131yla birlikte karar veren ger\u00e7ek veya t\u00fczel ki\u015fidir.<\/p>\n<hr data-start=\"1180\" data-end=\"1183\" \/>\n<ol start=\"3\" data-start=\"1185\" data-end=\"1221\">\n<li data-start=\"1185\" data-end=\"1221\"><strong data-start=\"1188\" data-end=\"1221\">Bu Web Sitesinde Veri Toplama<\/strong><\/li>\n<\/ol>\n<p data-start=\"1223\" data-end=\"1517\"><strong data-start=\"1223\" data-end=\"1235\">\u00c7erezler<\/strong><br data-start=\"1235\" data-end=\"1238\" \/>Web sitemiz, hizmetimizi daha kullan\u0131c\u0131 dostu, etkili ve g\u00fcvenli hale getirmek i\u00e7in \u00e7erezler kullan\u0131r.<br data-start=\"1340\" data-end=\"1343\" \/>\u0130\u015fleme, hizmetlerimizi hatas\u0131z ve optimize edilmi\u015f \u015fekilde sunma konusundaki me\u015fru \u00e7\u0131karlar\u0131m\u0131z do\u011frultusunda DSGVO&#8217;nun 6. maddesinin 1. f\u0131kra f bendine uygun olarak yap\u0131l\u0131r.<\/p>\n<p data-start=\"1519\" data-end=\"1669\"><strong data-start=\"1519\" data-end=\"1531\">Ayarlar:<\/strong><br data-start=\"1531\" data-end=\"1534\" \/>Taray\u0131c\u0131n\u0131zda \u00e7erezleri k\u0131s\u0131tlayabilir veya devre d\u0131\u015f\u0131 b\u0131rakabilirsiniz.<br data-start=\"1606\" data-end=\"1609\" \/><em data-start=\"1609\" data-end=\"1615\">Not:<\/em> Bu durumda web sitesinin i\u015flevselli\u011fi k\u0131s\u0131tlanabilir.<\/p>\n<p data-start=\"1671\" data-end=\"1769\"><strong data-start=\"1671\" data-end=\"1698\">Sunucu G\u00fcnl\u00fck Dosyalar\u0131<\/strong><br data-start=\"1698\" data-end=\"1701\" \/>Sunucu g\u00fcnl\u00fck dosyalar\u0131nda otomatik olarak \u015fu bilgiler kaydedilir:<\/p>\n<ul data-start=\"1770\" data-end=\"1951\">\n<li data-start=\"1770\" data-end=\"1797\">Taray\u0131c\u0131 t\u00fcr\u00fc ve s\u00fcr\u00fcm\u00fc<\/li>\n<li data-start=\"1798\" data-end=\"1828\">Kullan\u0131lan i\u015fletim sistemi<\/li>\n<li data-start=\"1829\" data-end=\"1863\">Y\u00f6nlendiren URL (Referrer URL)<\/li>\n<li data-start=\"1864\" data-end=\"1911\">Eri\u015fim sa\u011flayan bilgisayar\u0131n ana makine ad\u0131<\/li>\n<li data-start=\"1912\" data-end=\"1939\">Sunucu iste\u011finin zaman\u0131<\/li>\n<li data-start=\"1940\" data-end=\"1951\">IP adresi<\/li>\n<\/ul>\n<p data-start=\"1953\" data-end=\"2014\"><em data-start=\"1953\" data-end=\"1970\">Hukuki dayanak:<\/em> DSGVO&#8217;nun 6. maddesinin 1. f\u0131kra f bendine.<\/p>\n<p data-start=\"2016\" data-end=\"2123\"><strong data-start=\"2016\" data-end=\"2034\">\u0130leti\u015fim Formu<\/strong><br data-start=\"2034\" data-end=\"2037\" \/>\u0130leti\u015fim formu arac\u0131l\u0131\u011f\u0131yla g\u00f6nderilen veriler, talebinizin i\u015flenmesi i\u00e7in kaydedilir.<\/p>\n<p data-start=\"2125\" data-end=\"2186\"><em data-start=\"2125\" data-end=\"2142\">Hukuki dayanak:<\/em> DSGVO&#8217;nun 6. maddesinin 1. f\u0131kra b bendine.<\/p>\n<hr data-start=\"2188\" data-end=\"2191\" \/>\n<ol start=\"4\" data-start=\"2193\" data-end=\"2221\">\n<li data-start=\"2193\" data-end=\"2221\"><strong data-start=\"2196\" data-end=\"2221\">Eklentiler ve Ara\u00e7lar<\/strong><\/li>\n<\/ol>\n<p data-start=\"2223\" data-end=\"2356\"><strong data-start=\"2223\" data-end=\"2240\">WP Statistics<\/strong><br data-start=\"2240\" data-end=\"2243\" \/>Web sitesi kullan\u0131m\u0131n\u0131 analiz etmek i\u00e7in WP Statistics kullan\u0131yoruz. Veriler, sunucumuzda anonim olarak saklan\u0131r.<\/p>\n<p data-start=\"2358\" data-end=\"2419\"><em data-start=\"2358\" data-end=\"2375\">Hukuki dayanak:<\/em> DSGVO&#8217;nun 6. maddesinin 1. f\u0131kra f bendine.<\/p>\n<p data-start=\"2421\" data-end=\"2493\"><strong data-start=\"2421\" data-end=\"2435\">Google Ads<\/strong><br data-start=\"2435\" data-end=\"2438\" \/>Google Ads ile reklamlar\u0131n etkinli\u011fini analiz ediyoruz.<\/p>\n<p data-start=\"2495\" data-end=\"2567\"><em data-start=\"2495\" data-end=\"2512\">Hukuki dayanak:<\/em> Onay\u0131n\u0131z (DSGVO&#8217;nun 6. maddesinin 1. f\u0131kra a bendine).<\/p>\n<p data-start=\"2569\" data-end=\"2666\"><strong data-start=\"2569\" data-end=\"2591\">Google Tag Manager<\/strong><br data-start=\"2591\" data-end=\"2594\" \/>Tag Manager, kodlar\u0131 ve etiketleri y\u00f6netir; ancak ki\u015fisel veri saklamaz.<\/p>\n<p data-start=\"2668\" data-end=\"2729\"><em data-start=\"2668\" data-end=\"2685\">Hukuki dayanak:<\/em> DSGVO&#8217;nun 6. maddesinin 1. f\u0131kra a bendine.<\/p>\n<p data-start=\"2731\" data-end=\"2837\"><strong data-start=\"2731\" data-end=\"2766\">Google Fonts (Yerel Bar\u0131nd\u0131rma)<\/strong><br data-start=\"2766\" data-end=\"2769\" \/>Yaz\u0131 tipleri yerel olarak y\u00fcklenir, Google&#8217;a veri aktar\u0131m\u0131 yap\u0131lmaz.<\/p>\n<p data-start=\"2839\" data-end=\"2904\"><strong data-start=\"2839\" data-end=\"2854\">Google Maps<\/strong><br data-start=\"2854\" data-end=\"2857\" \/>Harita g\u00f6sterimi i\u00e7in Google Maps kullan\u0131yoruz.<\/p>\n<p data-start=\"2906\" data-end=\"2967\"><em data-start=\"2906\" data-end=\"2923\">Hukuki dayanak:<\/em> DSGVO&#8217;nun 6. maddesinin 1. f\u0131kra f bendine.<\/p>\n<hr data-start=\"2969\" data-end=\"2972\" \/>\n<ol start=\"5\" data-start=\"2974\" data-end=\"2991\">\n<li data-start=\"2974\" data-end=\"2991\"><strong data-start=\"2977\" data-end=\"2991\">Haklar\u0131n\u0131z<\/strong><\/li>\n<\/ol>\n<p data-start=\"2993\" data-end=\"3075\"><strong data-start=\"2993\" data-end=\"3017\">Onay\u0131n\u0131z\u0131 Geri \u00c7ekme<\/strong><br data-start=\"3017\" data-end=\"3020\" \/>Verdi\u011finiz onay\u0131 istedi\u011finiz zaman geri \u00e7ekebilirsiniz.<\/p>\n<p data-start=\"3077\" data-end=\"3149\"><strong data-start=\"3077\" data-end=\"3094\">\u015eikayet Hakk\u0131<\/strong><br data-start=\"3094\" data-end=\"3097\" \/>Yetkili denetim makam\u0131na \u015fikayette bulunabilirsiniz.<\/p>\n<p data-start=\"3151\" data-end=\"3170\"><strong data-start=\"3151\" data-end=\"3168\">Di\u011fer Haklar:<\/strong><\/p>\n<ul data-start=\"3171\" data-end=\"3287\">\n<li data-start=\"3171\" data-end=\"3220\">Kaydedilmi\u015f verileriniz hakk\u0131nda bilgi edinme<\/li>\n<li data-start=\"3221\" data-end=\"3287\">Verilerin d\u00fczeltilmesi, silinmesi veya i\u015flenmesinin k\u0131s\u0131tlanmas\u0131<\/li>\n<\/ul>\n<hr data-start=\"3289\" data-end=\"3292\" \/>\n<ol start=\"6\" data-start=\"3294\" data-end=\"3345\">\n<li data-start=\"3294\" data-end=\"3345\"><strong data-start=\"3297\" data-end=\"3345\">Gizlilik Politikas\u0131nda Yap\u0131lan De\u011fi\u015fiklikler<\/strong><\/li>\n<\/ol>\n<p data-start=\"3347\" data-end=\"3432\">Bu politika, yasal veya teknik de\u011fi\u015fikliklere uyum sa\u011flamak amac\u0131yla g\u00fcncellenebilir.<\/p>\n<p data-start=\"3434\" data-end=\"3466\" data-is-last-node=\"\" data-is-only-node=\"\"><strong data-start=\"3434\" data-end=\"3456\">G\u00fcncelleme Tarihi:<\/strong> Ocak 2025<\/p>","protected":false},"excerpt":{"rendered":"<p>\u00a0 Genel Bilgiler ve Zorunlu Bilgilendirme Veri KorumaCK Internationale Zollagentur GmbH (bundan b\u00f6yle &#8220;biz&#8221; veya &#8220;bizi&#8221; olarak an\u0131lacakt\u0131r) ki\u015fisel verilerinizin korunmas\u0131na \u00e7ok \u00f6nem verir. Ki\u015fisel verilerinizi gizli tutar ve yasal veri koruma d\u00fczenlemelerine ve bu gizlilik politikas\u0131na uygun olarak i\u015fleriz. Web sitemizi kulland\u0131\u011f\u0131n\u0131zda \u00e7e\u015fitli ki\u015fisel veriler toplan\u0131r. Ki\u015fisel veriler, sizin \u015fahsen tan\u0131mlanman\u0131z\u0131 sa\u011flayan verilerdir. Bu [&hellip;]<\/p>\n","protected":false},"author":1,"featured_media":0,"parent":0,"menu_order":0,"comment_status":"closed","ping_status":"closed","template":"","meta":{"footnotes":""},"class_list":["post-21702","page","type-page","status-publish","hentry"],"_links":{"self":[{"href":"https:\/\/zollagentur.gmbh\/tr\/wp-json\/wp\/v2\/pages\/21702","targetHints":{"allow":["GET"]}}],"collection":[{"href":"https:\/\/zollagentur.gmbh\/tr\/wp-json\/wp\/v2\/pages"}],"about":[{"href":"https:\/\/zollagentur.gmbh\/tr\/wp-json\/wp\/v2\/types\/page"}],"author":[{"embeddable":true,"href":"https:\/\/zollagentur.gmbh\/tr\/wp-json\/wp\/v2\/users\/1"}],"replies":[{"embeddable":true,"href":"https:\/\/zollagentur.gmbh\/tr\/wp-json\/wp\/v2\/comments?post=21702"}],"version-history":[{"count":4,"href":"https:\/\/zollagentur.gmbh\/tr\/wp-json\/wp\/v2\/pages\/21702\/revisions"}],"predecessor-version":[{"id":21927,"href":"https:\/\/zollagentur.gmbh\/tr\/wp-json\/wp\/v2\/pages\/21702\/revisions\/21927"}],"wp:attachment":[{"href":"https:\/\/zollagentur.gmbh\/tr\/wp-json\/wp\/v2\/media?parent=21702"}],"curies":[{"name":"wp","href":"https:\/\/api.w.org\/{rel}","templated":true}]}}